{"id":2431,"date":"2021-08-06T15:15:23","date_gmt":"2021-08-06T13:15:23","guid":{"rendered":"http:\/\/wecon.profiel.de\/home\/"},"modified":"2026-08-25T15:14:08","modified_gmt":"2026-08-25T13:14:08","slug":"home","status":"publish","type":"page","link":"https:\/\/www.wecon.de\/en\/","title":{"rendered":"home"},"content":{"rendered":"\n<h1 class=\"wp-block-heading displaynone\">New concepts for reliable and long-lasting commercial vehicles<\/h1>\n<style>.kb-row-layout-id21_50e0d2-0c > .kt-row-column-wrap{align-content:start;}:where(.kb-row-layout-id21_50e0d2-0c > .kt-row-column-wrap) > .wp-block-kadence-column{justify-content:start;}.kb-row-layout-id21_50e0d2-0c > .kt-row-column-wrap{column-gap:var(--global-kb-gap-md, 2rem);row-gap:var(--global-kb-gap-md, 2rem);padding-top:var(--global-kb-spacing-sm, 1.5rem);padding-bottom:var(--global-kb-spacing-sm, 1.5rem);grid-template-columns:repeat(2, minmax(0, 1fr));}.kb-row-layout-id21_50e0d2-0c > .kt-row-layout-overlay{opacity:0.30;}@media all and (max-width: 1024px){.kb-row-layout-id21_50e0d2-0c > .kt-row-column-wrap{grid-template-columns:repeat(2, minmax(0, 1fr));}}@media all and (max-width: 767px){.kb-row-layout-id21_50e0d2-0c > .kt-row-column-wrap{grid-template-columns:minmax(0, 1fr);}}<\/style><div class=\"kb-row-layout-wrap kb-row-layout-id21_50e0d2-0c alignnone wp-block-kadence-rowlayout\"><div class=\"kt-row-column-wrap kt-has-2-columns kt-row-layout-equal kt-tab-layout-inherit kt-mobile-layout-row kt-row-valign-top\">\n<style>.kadence-column21_3e06a5-f0 > .kt-inside-inner-col,.kadence-column21_3e06a5-f0 > .kt-inside-inner-col:before{border-top-left-radius:0px;border-top-right-radius:0px;border-bottom-right-radius:0px;border-bottom-left-radius:0px;}.kadence-column21_3e06a5-f0 > .kt-inside-inner-col{column-gap:var(--global-kb-gap-sm, 1rem);}.kadence-column21_3e06a5-f0 > .kt-inside-inner-col{flex-direction:column;}.kadence-column21_3e06a5-f0 > .kt-inside-inner-col > .aligncenter{width:100%;}.kadence-column21_3e06a5-f0 > .kt-inside-inner-col:before{opacity:0.3;}.kadence-column21_3e06a5-f0{position:relative;}@media all and (max-width: 1024px){.kadence-column21_3e06a5-f0 > .kt-inside-inner-col{flex-direction:column;justify-content:center;}}@media all and (max-width: 767px){.kadence-column21_3e06a5-f0 > .kt-inside-inner-col{flex-direction:column;justify-content:center;}}<\/style>\n<div class=\"wp-block-kadence-column kadence-column21_3e06a5-f0 inner-column-1\"><div class=\"kt-inside-inner-col\">\n<p class=\"wp-block-paragraph\"><strong>Fast as an arrow to the front.<\/strong> When conquering new markets, vision, flexibility and speed are what count. In the area of commercial vehicles and container technologies, the optimized handling of our high-performance, long-lasting hardware brings you nimbly forward. Thanks to our numerous clever individual solutions, you save time and money.<\/p>\n<\/div><\/div>\n\n\n<style>.kadence-column21_1e8129-fe > .kt-inside-inner-col,.kadence-column21_1e8129-fe > .kt-inside-inner-col:before{border-top-left-radius:0px;border-top-right-radius:0px;border-bottom-right-radius:0px;border-bottom-left-radius:0px;}.kadence-column21_1e8129-fe > .kt-inside-inner-col{column-gap:var(--global-kb-gap-sm, 1rem);}.kadence-column21_1e8129-fe > .kt-inside-inner-col{flex-direction:column;}.kadence-column21_1e8129-fe > .kt-inside-inner-col > .aligncenter{width:100%;}.kadence-column21_1e8129-fe > .kt-inside-inner-col:before{opacity:0.3;}.kadence-column21_1e8129-fe{position:relative;}@media all and (max-width: 1024px){.kadence-column21_1e8129-fe > .kt-inside-inner-col{flex-direction:column;justify-content:center;}}@media all and (max-width: 767px){.kadence-column21_1e8129-fe > .kt-inside-inner-col{flex-direction:column;justify-content:center;}}<\/style>\n<div class=\"wp-block-kadence-column kadence-column21_1e8129-fe inner-column-2\"><div class=\"kt-inside-inner-col\">\n<p class=\"wp-block-paragraph\">Wecon develops, builds, certifies and tests innovative concepts for commercial vehicles at high speed. Whether standard or <a href=\"https:\/\/www.wecon.de\/en\/products\/made-to-measure\/\">made-to-measure<\/a>, our family business attaches great importance to safety. We deliver reliable truck trailers and bodies for road or rail. Well thought out down to the last detail, digitally controlled. In this way, individual and series production run smoothly. <\/p>\n<\/div><\/div>\n\n<\/div><\/div><style>.wp-block-kadence-spacer.kt-block-spacer-21_960dd1-66 .kt-block-spacer{height:20px;}.wp-block-kadence-spacer.kt-block-spacer-21_960dd1-66 .kt-divider{border-top-width:2px;border-top-color:#000;width:50%;border-top-style:solid;}<\/style>\n<div class=\"wp-block-kadence-spacer aligncenter kt-block-spacer-21_960dd1-66\"><div class=\"kt-block-spacer kt-block-spacer-halign-center\"><hr class=\"kt-divider\"\/><\/div><\/div>\n\n<h2 class=\"wp-block-heading has-text-align-center\">Transport News-Blog<\/h2>\n<style>.kt-post-loop21_96d43a-a5 .kadence-post-image{padding-top:0px;padding-right:0px;padding-bottom:10px;padding-left:0px;}.kt-post-loop21_96d43a-a5 .kt-post-grid-wrap{gap:30px 30px;}.kt-post-loop21_96d43a-a5 .kt-blocks-post-grid-item{border-top-left-radius:0px;border-top-right-radius:0px;border-bottom-right-radius:0px;border-bottom-left-radius:0px;overflow:hidden;}.kt-post-loop21_96d43a-a5 .kt-blocks-post-grid-item .kt-blocks-post-grid-item-inner{padding-top:0px;padding-right:0px;padding-bottom:0px;padding-left:0px;}.kt-post-loop21_96d43a-a5 .kt-blocks-post-grid-item header{padding-top:0px;padding-right:0px;padding-bottom:0px;padding-left:0px;margin-top:0px;margin-right:0px;margin-bottom:0px;margin-left:0px;}.kt-post-loop21_96d43a-a5 .kt-blocks-post-grid-item .entry-title{padding-top:5px;padding-right:0px;padding-bottom:10px;padding-left:0px;margin-top:0px;margin-right:0px;margin-bottom:0px;margin-left:0px;font-size:24px;line-height:30px;}.kt-post-loop21_96d43a-a5 .entry-content{padding-top:0px;padding-right:0px;padding-bottom:0px;padding-left:0px;margin-top:0px;margin-right:0px;margin-bottom:0px;margin-left:0px;}.kt-post-loop21_96d43a-a5 .kt-blocks-post-footer{border-top-width:0px;border-right-width:0px;border-bottom-width:0px;border-left-width:0px;padding-top:0px;padding-right:0px;padding-bottom:0px;padding-left:0px;margin-top:0px;margin-right:0px;margin-bottom:0px;margin-left:0px;}.kt-post-loop21_96d43a-a5 .entry-content:after{height:0px;}.kt-post-loop21_96d43a-a5 .kb-filter-item{border-top-width:0px;border-right-width:0px;border-bottom-width:2px;border-left-width:0px;padding-top:5px;padding-right:8px;padding-bottom:5px;padding-left:8px;margin-top:0px;margin-right:10px;margin-bottom:0px;margin-left:0px;}<\/style><div class=\"wp-block-kadence-postgrid kt-blocks-post-loop-block alignnone kt-post-loop21_96d43a-a5 kt-post-grid-layout-grid \"><div class=\"kt-post-grid-layout-grid-wrap kt-post-grid-wrap\" data-columns-xxl=\"2\" data-columns-xl=\"2\" data-columns-md=\"2\" data-columns-sm=\"2\" data-columns-xs=\"1\" data-columns-ss=\"1\"data-item-selector=\".kt-post-masonry-item\" aria-label=\"Post Carousel\"><article class=\"kt-blocks-post-grid-item\"><div class=\"kt-blocks-post-grid-item-inner-wrap kt-feat-image-align-top kt-feat-image-mobile-align-top\"><div class=\"kadence-post-image\"><div class=\"kadence-post-image-intrisic kt-image-ratio-50\" style=\"padding-bottom:50%;\"><div class=\"kadence-post-image-inner-intrisic\"><a aria-hidden=\"true\" tabindex=\"-1\" role=\"presentation\" href=\"https:\/\/www.wecon.de\/en\/2025-03-19\/wecon-auf-der-transport-logistic-2025-save-the-date\/\" aria-label=\"Wecon auf der transport logistic 2025 \u2013 Save the Date!\" class=\"kadence-post-image-inner-wrap\"><img decoding=\"async\" width=\"1024\" height=\"1024\" src=\"https:\/\/www.wecon.de\/wp-content\/uploads\/2025\/03\/Banner-1-1024x1024.png\" class=\"attachment-large size-large wp-post-image\" alt=\"Wecon Transport Logistic 2025\" srcset=\"https:\/\/www.wecon.de\/wp-content\/uploads\/2025\/03\/Banner-1-1024x1024.png 1024w, https:\/\/www.wecon.de\/wp-content\/uploads\/2025\/03\/Banner-1-300x300.png 300w, https:\/\/www.wecon.de\/wp-content\/uploads\/2025\/03\/Banner-1-150x150.png 150w, https:\/\/www.wecon.de\/wp-content\/uploads\/2025\/03\/Banner-1-768x768.png 768w, https:\/\/www.wecon.de\/wp-content\/uploads\/2025\/03\/Banner-1-60x60.png 60w, https:\/\/www.wecon.de\/wp-content\/uploads\/2025\/03\/Banner-1-740x740.png 740w, https:\/\/www.wecon.de\/wp-content\/uploads\/2025\/03\/Banner-1-370x370.png 370w, https:\/\/www.wecon.de\/wp-content\/uploads\/2025\/03\/Banner-1.png 1080w\" sizes=\"(max-width: 1024px) 100vw, 1024px\"><\/a><\/div><\/div><\/div><div class=\"kt-blocks-post-grid-item-inner\"><header><h3 class=\"entry-title\"><a href=\"https:\/\/www.wecon.de\/en\/2025-03-19\/wecon-auf-der-transport-logistic-2025-save-the-date\/\">Wecon auf der transport logistic 2025 \u2013 Save the Date!<\/a><\/h3><div class=\"kt-blocks-post-top-meta\"><div class=\"kt-blocks-date\"><span class=\"kt-blocks-date-pretext\">Posted on <\/span><time datetime=\"2025-03-19T12:44:21+01:00\" class=\"kt-blocks-post-date\">19. March 2025<\/time><\/div><\/div><\/header><div class=\"entry-content\">Vom 2. bis 5. Juni 2025 ist es wieder soweit: Die transport logistic 2025 in M\u00fcnchen \u00f6ffnet ihre T\u00fcren. Auch wir von Wecon sind dabei und laden Sie herzlich ein, uns an unserem Stand in Halle A6, Stand 314 zu &hellip; <a href=\"https:\/\/www.wecon.de\/en\/2025-03-19\/wecon-auf-der-transport-logistic-2025-save-the-date\/\">Read More<\/a><\/div><footer class=\"kt-blocks-post-footer\"><div class=\"kt-blocks-post-footer-left\"><div class=\"kt-blocks-tags kt-blocks-post-footer-section\"><span class=\"kt-blocks-tags-icon\"><svg version=\"1.1\" xmlns=\"http:\/\/www.w3.org\/2000\/svg\" class=\"kt-blocks-tag-svg\" width=\"36\" height=\"32\" fill=\"currentColor\" viewBox=\"0 0 36 32\"><title>Tags<\/title><path d=\"M34.939 19.939l-8.879-8.879c-0.583-0.583-1.736-1.061-2.561-1.061h-18c-0.825 0-1.5 0.675-1.5 1.5v19c0 0.825 0.675 1.5 1.5 1.5h18c0.825 0 1.977-0.477 2.561-1.061l8.879-8.879c0.583-0.583 0.583-1.538-0-2.121zM25 24c-1.657 0-3-1.343-3-3s1.343-3 3-3 3 1.343 3 3-1.343 3-3 3z\"><\/path><path d=\"M2 8h21l-0.939-0.939c-0.583-0.583-1.736-1.061-2.561-1.061h-18c-0.825 0-1.5 0.675-1.5 1.5v19c0 0.825 0.675 1.5 1.5 1.5h0.5v-20z\"><\/path><\/svg><\/span><a href=\"https:\/\/www.wecon.de\/en\/tag\/kombinierter-verkehr-en\/\" rel=\"tag\">kombinierter Verkehr<\/a>, <a href=\"https:\/\/www.wecon.de\/en\/tag\/messe-en\/\" rel=\"tag\">Messe<\/a>, <a href=\"https:\/\/www.wecon.de\/en\/tag\/transport-logisitc-2025-en\/\" rel=\"tag\">transport logisitc 2025<\/a><\/div><\/div><div class=\"kt-blocks-post-footer-right\"><\/div><\/footer><\/div><\/div><\/article><article class=\"kt-blocks-post-grid-item\"><div class=\"kt-blocks-post-grid-item-inner-wrap kt-feat-image-align-top kt-feat-image-mobile-align-top\"><div class=\"kadence-post-image\"><div class=\"kadence-post-image-intrisic kt-image-ratio-50\" style=\"padding-bottom:50%;\"><div class=\"kadence-post-image-inner-intrisic\"><a aria-hidden=\"true\" tabindex=\"-1\" role=\"presentation\" href=\"https:\/\/www.wecon.de\/en\/2021-12-03\/sustainability-in-logistics-and-transport\/\" aria-label=\"Sustainability in logistics and transport\" class=\"kadence-post-image-inner-wrap\"><img decoding=\"async\" width=\"1024\" height=\"512\" src=\"https:\/\/www.wecon.de\/wp-content\/uploads\/2021\/11\/wecon-solaranlage-nachhaltigkeit-1024x512.jpg\" class=\"attachment-large size-large wp-post-image\" alt=\"Wecon company: Sustainability ahead\" srcset=\"https:\/\/www.wecon.de\/wp-content\/uploads\/2021\/11\/wecon-solaranlage-nachhaltigkeit-1024x512.jpg 1024w, https:\/\/www.wecon.de\/wp-content\/uploads\/2021\/11\/wecon-solaranlage-nachhaltigkeit-300x150.jpg 300w, https:\/\/www.wecon.de\/wp-content\/uploads\/2021\/11\/wecon-solaranlage-nachhaltigkeit-768x384.jpg 768w, https:\/\/www.wecon.de\/wp-content\/uploads\/2021\/11\/wecon-solaranlage-nachhaltigkeit-1536x768.jpg 1536w, https:\/\/www.wecon.de\/wp-content\/uploads\/2021\/11\/wecon-solaranlage-nachhaltigkeit-740x370.jpg 740w, https:\/\/www.wecon.de\/wp-content\/uploads\/2021\/11\/wecon-solaranlage-nachhaltigkeit-370x185.jpg 370w, https:\/\/www.wecon.de\/wp-content\/uploads\/2021\/11\/wecon-solaranlage-nachhaltigkeit.jpg 2000w\" sizes=\"(max-width: 1024px) 100vw, 1024px\"><\/a><\/div><\/div><\/div><div class=\"kt-blocks-post-grid-item-inner\"><header><h3 class=\"entry-title\"><a href=\"https:\/\/www.wecon.de\/en\/2021-12-03\/sustainability-in-logistics-and-transport\/\">Sustainability in logistics and transport<\/a><\/h3><div class=\"kt-blocks-post-top-meta\"><div class=\"kt-blocks-date\"><span class=\"kt-blocks-date-pretext\">Posted on <\/span><time datetime=\"2021-12-03T11:00:54+01:00\" class=\"kt-blocks-post-date\">3. December 2021<\/time><\/div><\/div><\/header><div class=\"entry-content\">This is how logistics and transport become sustainable Sustainability is no longer a foreign word in transport and logistics. More and more companies are setting themselves the goal of reducing emissions in their supply chain and contributing to climate protection. &hellip; <a href=\"https:\/\/www.wecon.de\/en\/2021-12-03\/sustainability-in-logistics-and-transport\/\">Read More<\/a><\/div><footer class=\"kt-blocks-post-footer\"><div class=\"kt-blocks-post-footer-left\"><\/div><div class=\"kt-blocks-post-footer-right\"><\/div><\/footer><\/div><\/div><\/article><\/div><\/div><!-- .wp-block-kadence-postgrid -->\n<div style=\"height:20px\" aria-hidden=\"true\" class=\"wp-block-spacer\"><\/div>\n\n<div class=\"wp-block-buttons displaynone is-horizontal is-content-justification-center is-layout-flex wp-container-core-buttons-is-layout-7d812b4c wp-block-buttons-is-layout-flex\">\n<div class=\"wp-block-button\"><a class=\"wp-block-button__link has-white-color has-pinnacle-primary-background-color has-text-color has-background wp-element-button\" href=\"https:\/\/www.wecon.de\/en\/wecon\/news-blog\/\" style=\"border-radius:10px\">View more blog posts<\/a><\/div>\n<\/div>\n<style>.kb-row-layout-id21_759327-b0 > .kt-row-column-wrap{align-content:start;}:where(.kb-row-layout-id21_759327-b0 > .kt-row-column-wrap) > .wp-block-kadence-column{justify-content:start;}.kb-row-layout-id21_759327-b0 > .kt-row-column-wrap{column-gap:var(--global-kb-gap-sm, 1rem);row-gap:var(--global-kb-gap-md, 2rem);max-width:1140px;margin-left:auto;margin-right:auto;padding-top:30px;padding-right:0px;padding-bottom:20px;padding-left:0px;}.kb-row-layout-id21_759327-b0 > .kt-row-column-wrap > div:not(.added-for-specificity){grid-column:initial;}.kb-row-layout-id21_759327-b0 > .kt-row-column-wrap{grid-template-columns:repeat(4, minmax(0, 1fr));}.kb-row-layout-id21_759327-b0 > .kt-row-layout-overlay{opacity:0.30;}.kb-row-layout-id21_759327-b0 .kt-row-layout-bottom-sep{height:100px;}.kb-row-layout-id21_759327-b0 .kt-row-layout-bottom-sep svg{width:100%;}.kb-row-layout-id21_759327-b0 .kt-row-layout-bottom-sep svg{fill:#ffffff!important;}@media all and (max-width: 1024px){.kb-row-layout-id21_759327-b0 > .kt-row-column-wrap > div:not(.added-for-specificity){grid-column:initial;}}@media all and (max-width: 1024px){.kb-row-layout-id21_759327-b0 > .kt-row-column-wrap{grid-template-columns:repeat(4, minmax(0, 1fr));}}@media all and (max-width: 1024px){.kb-row-layout-id21_759327-b0 .kt-row-layout-bottom-sep{height:px;}}@media all and (max-width: 1024px){.kb-row-layout-id21_759327-b0 .kt-row-layout-bottom-sep svg{width:%;}}@media all and (max-width: 767px){.kb-row-layout-id21_759327-b0 > .kt-row-column-wrap > div:not(.added-for-specificity){grid-column:initial;}.kb-row-layout-id21_759327-b0 > .kt-row-column-wrap{grid-template-columns:minmax(0, 1fr);}.kb-row-layout-id21_759327-b0 .kt-row-layout-bottom-sep{height:px;}.kb-row-layout-id21_759327-b0 .kt-row-layout-bottom-sep svg{width:%;}}<\/style><div class=\"kb-row-layout-wrap kb-row-layout-id21_759327-b0 alignfull zeile-rot oben-20 wp-block-kadence-rowlayout\"><div class=\"kt-row-column-wrap kt-has-4-columns kt-row-layout-equal kt-tab-layout-inherit kt-mobile-layout-row kt-row-valign-top\">\n<style>.kadence-column21_bad9b7-7e > .kt-inside-inner-col,.kadence-column21_bad9b7-7e > .kt-inside-inner-col:before{border-top-left-radius:0px;border-top-right-radius:0px;border-bottom-right-radius:0px;border-bottom-left-radius:0px;}.kadence-column21_bad9b7-7e > .kt-inside-inner-col{column-gap:var(--global-kb-gap-sm, 1rem);}.kadence-column21_bad9b7-7e > .kt-inside-inner-col{flex-direction:column;}.kadence-column21_bad9b7-7e > .kt-inside-inner-col > .aligncenter{width:100%;}.kadence-column21_bad9b7-7e > .kt-inside-inner-col:before{opacity:0.3;}.kadence-column21_bad9b7-7e{position:relative;}@media all and (max-width: 1024px){.kadence-column21_bad9b7-7e > .kt-inside-inner-col{flex-direction:column;justify-content:center;}}@media all and (max-width: 767px){.kadence-column21_bad9b7-7e > .kt-inside-inner-col{flex-direction:column;justify-content:center;}}<\/style>\n<div class=\"wp-block-kadence-column kadence-column21_bad9b7-7e inner-column-1\"><div class=\"kt-inside-inner-col\"><style>.kt-img-overlay21_72b9f6-a2 .kt-image-overlay-wrap{max-width:768px;overflow:hidden;}.kt-img-overlay21_72b9f6-a2 .kt-image-overlay-wrap .kt-block-intrisic{padding-bottom:50%;}.kt-img-overlay21_72b9f6-a2 .kt-image-overlay-wrap:has(:focus-visible) .kt-image-overlay-color-wrapper{opacity:1 !important;}.kt-img-overlay21_72b9f6-a2 .kt-image-overlay-wrap:hover .kt-image-overlay-color-wrapper{opacity:1 !important;}.kt-img-overlay21_72b9f6-a2 .kt-image-overlay-color{background-color:#e7000e;opacity:0.7;}.kt-img-overlay21_72b9f6-a2 .kt-image-overlay-message{inset:0px;}.wp-block-kadence-imageoverlay.kt-img-overlay21_72b9f6-a2 .kt-image-overlay-message .image-overlay-title{color:#fff;background:rgba(0, 0, 0, 0);padding-top:5px;padding-right:5px;padding-bottom:5px;padding-left:5px;margin-top:0px;margin-right:0px;margin-bottom:0px;margin-left:0px;font-size:40px;line-height:40px;font-weight:regular;font-style:normal;}.kt-img-overlay21_72b9f6-a2 .kt-image-overlay-divider{border-top-color:#fff;border-top-width:1px;width:80%;border-top-style:none;}.wp-block-kadence-imageoverlay.kt-img-overlay21_72b9f6-a2 .kt-image-overlay-message .image-overlay-subtitle{color:#fff;background:rgba(0, 0, 0, 0);padding-top:5px;padding-right:5px;padding-bottom:5px;padding-left:5px;margin-top:0px;margin-right:0px;margin-bottom:0px;margin-left:0px;font-weight:regular;font-style:normal;}@media all and (max-width: 1024px){.kt-img-overlay21_72b9f6-a2 .kt-image-overlay-wrap{max-width:768px;}}@media all and (max-width: 767px){.kt-img-overlay21_72b9f6-a2 .kt-image-overlay-wrap{max-width:768px;}}<\/style>\n<div class=\"kt-img-overlay21_72b9f6-a2 aligncenter wp-block-kadence-imageoverlay\"><div class=\"kt-image-overlay-wrap kt-over-image-zoomin\"><div class=\"kt-block-intrisic\"><img decoding=\"async\" src=\"https:\/\/www.wecon.de\/wp-content\/uploads\/2022\/09\/11-kopf-massanfertigung-1600-768x384.jpg\" alt=\"Kopfbild 11 Massanfertigung Composing\" width=\"768\" height=\"384\" class=\"kt-img-overlay wp-image-5341\" srcset=\"https:\/\/www.wecon.de\/wp-content\/uploads\/2022\/09\/11-kopf-massanfertigung-1600-768x384.jpg 768w, https:\/\/www.wecon.de\/wp-content\/uploads\/2022\/09\/11-kopf-massanfertigung-1600-300x150.jpg 300w, https:\/\/www.wecon.de\/wp-content\/uploads\/2022\/09\/11-kopf-massanfertigung-1600-1024x512.jpg 1024w, https:\/\/www.wecon.de\/wp-content\/uploads\/2022\/09\/11-kopf-massanfertigung-1600-1536x768.jpg 1536w, https:\/\/www.wecon.de\/wp-content\/uploads\/2022\/09\/11-kopf-massanfertigung-1600.jpg 1600w\" sizes=\"(max-width: 768px) 100vw, 768px\" \/><div class=\"kt-image-overlay-color-wrapper\"><div class=\"kt-image-overlay-color\"><\/div><\/div><a href=\"https:\/\/www.wecon.de\/en\/products\/made-to-measure\/\" class=\"kt-imageoverlay-link\"><div class=\"kt-image-overlay-message kt-over-substyle-visible kt-over-valign-center kt-over-halign-center\"><div class=\"kt-image-overlay-inner\"><h3 class=\"image-overlay-title\">Products<\/h3><\/div><\/div><\/a><\/div><\/div><\/div>\n\n\n\n<p class=\"has-text-align-left wp-block-paragraph\">Made to measure, Trucks and trailers, Swap frames, Intermodal transport, Railway technology<\/p>\n<\/div><\/div>\n\n\n<style>.kadence-column21_56aaff-d3 > .kt-inside-inner-col,.kadence-column21_56aaff-d3 > .kt-inside-inner-col:before{border-top-left-radius:0px;border-top-right-radius:0px;border-bottom-right-radius:0px;border-bottom-left-radius:0px;}.kadence-column21_56aaff-d3 > .kt-inside-inner-col{column-gap:var(--global-kb-gap-sm, 1rem);}.kadence-column21_56aaff-d3 > .kt-inside-inner-col{flex-direction:column;}.kadence-column21_56aaff-d3 > .kt-inside-inner-col > .aligncenter{width:100%;}.kadence-column21_56aaff-d3 > .kt-inside-inner-col:before{opacity:0.3;}.kadence-column21_56aaff-d3{position:relative;}@media all and (max-width: 1024px){.kadence-column21_56aaff-d3 > .kt-inside-inner-col{flex-direction:column;justify-content:center;}}@media all and (max-width: 767px){.kadence-column21_56aaff-d3 > .kt-inside-inner-col{flex-direction:column;justify-content:center;}}<\/style>\n<div class=\"wp-block-kadence-column kadence-column21_56aaff-d3 inner-column-2\"><div class=\"kt-inside-inner-col\"><style>.kt-img-overlay21_224c56-0c .kt-image-overlay-wrap{max-width:768px;overflow:hidden;}.kt-img-overlay21_224c56-0c .kt-image-overlay-wrap .kt-block-intrisic{padding-bottom:50%;}.kt-img-overlay21_224c56-0c .kt-image-overlay-wrap:has(:focus-visible) .kt-image-overlay-color-wrapper{opacity:1 !important;}.kt-img-overlay21_224c56-0c .kt-image-overlay-wrap:hover .kt-image-overlay-color-wrapper{opacity:1 !important;}.kt-img-overlay21_224c56-0c .kt-image-overlay-color{background-color:#e7000e;opacity:0.7;}.kt-img-overlay21_224c56-0c .kt-image-overlay-message{border-top-color:#ffffff;border-top-style:solid;border-right-color:#ffffff;border-right-style:solid;border-bottom-color:#ffffff;border-bottom-style:solid;border-left-color:#ffffff;border-left-style:solid;inset:0px;}.wp-block-kadence-imageoverlay.kt-img-overlay21_224c56-0c .kt-image-overlay-message .image-overlay-title{color:#fff;background:rgba(0, 0, 0, 0);padding-top:5px;padding-right:5px;padding-bottom:5px;padding-left:5px;margin-top:0px;margin-right:0px;margin-bottom:0px;margin-left:0px;font-size:40px;line-height:40px;font-weight:regular;font-style:normal;}.kt-img-overlay21_224c56-0c .kt-image-overlay-divider{border-top-color:#fff;border-top-width:1px;width:80%;border-top-style:none;}.wp-block-kadence-imageoverlay.kt-img-overlay21_224c56-0c .kt-image-overlay-message .image-overlay-subtitle{color:#fff;background:rgba(0, 0, 0, 0);padding-top:5px;padding-right:5px;padding-bottom:5px;padding-left:5px;margin-top:0px;margin-right:0px;margin-bottom:0px;margin-left:0px;font-weight:regular;font-style:normal;}@media all and (max-width: 1024px){.kt-img-overlay21_224c56-0c .kt-image-overlay-wrap{max-width:768px;}}@media all and (max-width: 1024px){.kt-img-overlay21_224c56-0c .kt-image-overlay-message{border-top-color:#ffffff;border-top-style:solid;border-right-color:#ffffff;border-right-style:solid;border-bottom-color:#ffffff;border-bottom-style:solid;border-left-color:#ffffff;border-left-style:solid;}}@media all and (max-width: 767px){.kt-img-overlay21_224c56-0c .kt-image-overlay-wrap{max-width:768px;}.kt-img-overlay21_224c56-0c .kt-image-overlay-message{border-top-color:#ffffff;border-top-style:solid;border-right-color:#ffffff;border-right-style:solid;border-bottom-color:#ffffff;border-bottom-style:solid;border-left-color:#ffffff;border-left-style:solid;}}<\/style>\n<div class=\"kt-img-overlay21_224c56-0c aligncenter wp-block-kadence-imageoverlay\"><div class=\"kt-image-overlay-wrap kt-over-image-zoomin\"><div class=\"kt-block-intrisic\"><img decoding=\"async\" src=\"https:\/\/www.wecon.de\/wp-content\/uploads\/2022\/09\/21-kopf-reparatur-ersatzteile-1600-768x384.jpg\" alt=\"Kopfbild 21 Reparatur und Ersatzteile Composing\" width=\"768\" height=\"384\" class=\"kt-img-overlay wp-image-5335\" srcset=\"https:\/\/www.wecon.de\/wp-content\/uploads\/2022\/09\/21-kopf-reparatur-ersatzteile-1600-768x384.jpg 768w, https:\/\/www.wecon.de\/wp-content\/uploads\/2022\/09\/21-kopf-reparatur-ersatzteile-1600-300x150.jpg 300w, https:\/\/www.wecon.de\/wp-content\/uploads\/2022\/09\/21-kopf-reparatur-ersatzteile-1600-1024x512.jpg 1024w, https:\/\/www.wecon.de\/wp-content\/uploads\/2022\/09\/21-kopf-reparatur-ersatzteile-1600-1536x768.jpg 1536w, https:\/\/www.wecon.de\/wp-content\/uploads\/2022\/09\/21-kopf-reparatur-ersatzteile-1600.jpg 1600w\" sizes=\"(max-width: 768px) 100vw, 768px\" \/><div class=\"kt-image-overlay-color-wrapper\"><div class=\"kt-image-overlay-color\"><\/div><\/div><a href=\"https:\/\/www.wecon.de\/en\/service\/repair-and-spare-parts\/\" class=\"kt-imageoverlay-link\"><div class=\"kt-image-overlay-message kt-over-substyle-visible kt-over-valign-center kt-over-halign-center\"><div class=\"kt-image-overlay-inner\"><h3 class=\"image-overlay-title\">Service<\/h3><\/div><\/div><\/a><\/div><\/div><\/div>\n\n\n\n<p class=\"has-text-align-left wp-block-paragraph\">Repair and spare parts, Service for truck sales, Advantages for freight forwarders and logisticians<\/p>\n<\/div><\/div>\n\n\n<style>.kadence-column21_53d447-f8 > .kt-inside-inner-col,.kadence-column21_53d447-f8 > .kt-inside-inner-col:before{border-top-left-radius:0px;border-top-right-radius:0px;border-bottom-right-radius:0px;border-bottom-left-radius:0px;}.kadence-column21_53d447-f8 > .kt-inside-inner-col{column-gap:var(--global-kb-gap-sm, 1rem);}.kadence-column21_53d447-f8 > .kt-inside-inner-col{flex-direction:column;}.kadence-column21_53d447-f8 > .kt-inside-inner-col > .aligncenter{width:100%;}.kadence-column21_53d447-f8 > .kt-inside-inner-col:before{opacity:0.3;}.kadence-column21_53d447-f8{position:relative;}@media all and (max-width: 1024px){.kadence-column21_53d447-f8 > .kt-inside-inner-col{flex-direction:column;justify-content:center;}}@media all and (max-width: 767px){.kadence-column21_53d447-f8 > .kt-inside-inner-col{flex-direction:column;justify-content:center;}}<\/style>\n<div class=\"wp-block-kadence-column kadence-column21_53d447-f8 inner-column-3\"><div class=\"kt-inside-inner-col\"><style>.kt-img-overlay21_d9f786-97 .kt-image-overlay-wrap{max-width:768px;overflow:hidden;}.kt-img-overlay21_d9f786-97 .kt-image-overlay-wrap .kt-block-intrisic{padding-bottom:50%;}.kt-img-overlay21_d9f786-97 .kt-image-overlay-wrap:has(:focus-visible) .kt-image-overlay-color-wrapper{opacity:1 !important;}.kt-img-overlay21_d9f786-97 .kt-image-overlay-wrap:hover .kt-image-overlay-color-wrapper{opacity:1 !important;}.kt-img-overlay21_d9f786-97 .kt-image-overlay-color{background-color:#e7000e;opacity:0.7;}.kt-img-overlay21_d9f786-97 .kt-image-overlay-message{inset:0px;}.wp-block-kadence-imageoverlay.kt-img-overlay21_d9f786-97 .kt-image-overlay-message .image-overlay-title{color:#fff;background:rgba(0, 0, 0, 0);padding-top:5px;padding-right:5px;padding-bottom:5px;padding-left:5px;margin-top:0px;margin-right:0px;margin-bottom:0px;margin-left:0px;font-size:40px;line-height:40px;font-weight:regular;font-style:normal;}.kt-img-overlay21_d9f786-97 .kt-image-overlay-divider{border-top-color:#fff;border-top-width:1px;width:80%;border-top-style:none;}.wp-block-kadence-imageoverlay.kt-img-overlay21_d9f786-97 .kt-image-overlay-message .image-overlay-subtitle{color:#fff;background:rgba(0, 0, 0, 0);padding-top:5px;padding-right:5px;padding-bottom:5px;padding-left:5px;margin-top:0px;margin-right:0px;margin-bottom:0px;margin-left:0px;font-weight:regular;font-style:normal;}@media all and (max-width: 1024px){.kt-img-overlay21_d9f786-97 .kt-image-overlay-wrap{max-width:768px;}}@media all and (max-width: 767px){.kt-img-overlay21_d9f786-97 .kt-image-overlay-wrap{max-width:768px;}}<\/style>\n<div class=\"kt-img-overlay21_d9f786-97 aligncenter wp-block-kadence-imageoverlay\"><div class=\"kt-image-overlay-wrap kt-over-image-zoomin\"><div class=\"kt-block-intrisic\"><img decoding=\"async\" src=\"https:\/\/www.wecon.de\/wp-content\/uploads\/2022\/09\/31-kopf-kundenzentrierung-1600-768x384.jpg\" alt=\"Kopfbild 31 Kundenzentrierung Composing\" width=\"768\" height=\"384\" class=\"kt-img-overlay wp-image-5465\" srcset=\"https:\/\/www.wecon.de\/wp-content\/uploads\/2022\/09\/31-kopf-kundenzentrierung-1600-768x384.jpg 768w, https:\/\/www.wecon.de\/wp-content\/uploads\/2022\/09\/31-kopf-kundenzentrierung-1600-300x150.jpg 300w, https:\/\/www.wecon.de\/wp-content\/uploads\/2022\/09\/31-kopf-kundenzentrierung-1600-1024x512.jpg 1024w, https:\/\/www.wecon.de\/wp-content\/uploads\/2022\/09\/31-kopf-kundenzentrierung-1600-1536x768.jpg 1536w, https:\/\/www.wecon.de\/wp-content\/uploads\/2022\/09\/31-kopf-kundenzentrierung-1600.jpg 1600w\" sizes=\"(max-width: 768px) 100vw, 768px\" \/><div class=\"kt-image-overlay-color-wrapper\"><div class=\"kt-image-overlay-color\"><\/div><\/div><a href=\"https:\/\/www.wecon.de\/en\/wecon\/customer-centricity\/\" class=\"kt-imageoverlay-link\"><div class=\"kt-image-overlay-message kt-over-substyle-visible kt-over-valign-center kt-over-halign-center\"><div class=\"kt-image-overlay-inner\"><h3 class=\"image-overlay-title\">Wecon<\/h3><\/div><\/div><\/a><\/div><\/div><\/div>\n\n\n\n<p class=\"has-text-align-left wp-block-paragraph\">Customer Centricity, Family, Company, Brand, Locations, Products<\/p>\n<\/div><\/div>\n\n\n<style>.kadence-column21_57f48e-1b > .kt-inside-inner-col,.kadence-column21_57f48e-1b > .kt-inside-inner-col:before{border-top-left-radius:0px;border-top-right-radius:0px;border-bottom-right-radius:0px;border-bottom-left-radius:0px;}.kadence-column21_57f48e-1b > .kt-inside-inner-col{column-gap:var(--global-kb-gap-sm, 1rem);}.kadence-column21_57f48e-1b > .kt-inside-inner-col{flex-direction:column;}.kadence-column21_57f48e-1b > .kt-inside-inner-col > .aligncenter{width:100%;}.kadence-column21_57f48e-1b > .kt-inside-inner-col:before{opacity:0.3;}.kadence-column21_57f48e-1b{position:relative;}@media all and (max-width: 1024px){.kadence-column21_57f48e-1b > .kt-inside-inner-col{flex-direction:column;justify-content:center;}}@media all and (max-width: 767px){.kadence-column21_57f48e-1b > .kt-inside-inner-col{flex-direction:column;justify-content:center;}}<\/style>\n<div class=\"wp-block-kadence-column kadence-column21_57f48e-1b inner-column-4\"><div class=\"kt-inside-inner-col\"><style>.kt-img-overlay21_4ab1c9-9f .kt-image-overlay-wrap{max-width:768px;overflow:hidden;}.kt-img-overlay21_4ab1c9-9f .kt-image-overlay-wrap .kt-block-intrisic{padding-bottom:50%;}.kt-img-overlay21_4ab1c9-9f .kt-image-overlay-wrap:has(:focus-visible) .kt-image-overlay-color-wrapper{opacity:1 !important;}.kt-img-overlay21_4ab1c9-9f .kt-image-overlay-wrap:hover .kt-image-overlay-color-wrapper{opacity:1 !important;}.kt-img-overlay21_4ab1c9-9f .kt-image-overlay-color{background-color:#e7000e;opacity:0.7;}.kt-img-overlay21_4ab1c9-9f .kt-image-overlay-message{inset:0px;}.wp-block-kadence-imageoverlay.kt-img-overlay21_4ab1c9-9f .kt-image-overlay-message .image-overlay-title{color:#fff;background:rgba(0, 0, 0, 0);padding-top:5px;padding-right:5px;padding-bottom:5px;padding-left:5px;margin-top:0px;margin-right:0px;margin-bottom:0px;margin-left:0px;font-size:40px;line-height:40px;font-weight:regular;font-style:normal;}.kt-img-overlay21_4ab1c9-9f .kt-image-overlay-divider{border-top-color:#fff;border-top-width:1px;width:80%;border-top-style:none;}.wp-block-kadence-imageoverlay.kt-img-overlay21_4ab1c9-9f .kt-image-overlay-message .image-overlay-subtitle{color:#fff;background:rgba(0, 0, 0, 0);padding-top:5px;padding-right:5px;padding-bottom:5px;padding-left:5px;margin-top:0px;margin-right:0px;margin-bottom:0px;margin-left:0px;font-weight:regular;font-style:normal;}@media all and (max-width: 1024px){.kt-img-overlay21_4ab1c9-9f .kt-image-overlay-wrap{max-width:768px;}}@media all and (max-width: 767px){.kt-img-overlay21_4ab1c9-9f .kt-image-overlay-wrap{max-width:768px;}}<\/style>\n<div class=\"kt-img-overlay21_4ab1c9-9f aligncenter wp-block-kadence-imageoverlay\"><div class=\"kt-image-overlay-wrap kt-over-image-zoomin\"><div class=\"kt-block-intrisic\"><img decoding=\"async\" src=\"https:\/\/www.wecon.de\/wp-content\/uploads\/2022\/09\/41-kopf-stellenangebote-1600-768x384.jpg\" alt=\"Kopfbild 41 Stellenangebote Composing\" width=\"768\" height=\"384\" class=\"kt-img-overlay wp-image-5337\" srcset=\"https:\/\/www.wecon.de\/wp-content\/uploads\/2022\/09\/41-kopf-stellenangebote-1600-768x384.jpg 768w, https:\/\/www.wecon.de\/wp-content\/uploads\/2022\/09\/41-kopf-stellenangebote-1600-300x150.jpg 300w, https:\/\/www.wecon.de\/wp-content\/uploads\/2022\/09\/41-kopf-stellenangebote-1600-1024x512.jpg 1024w, https:\/\/www.wecon.de\/wp-content\/uploads\/2022\/09\/41-kopf-stellenangebote-1600-1536x768.jpg 1536w, https:\/\/www.wecon.de\/wp-content\/uploads\/2022\/09\/41-kopf-stellenangebote-1600.jpg 1600w\" sizes=\"(max-width: 768px) 100vw, 768px\" \/><div class=\"kt-image-overlay-color-wrapper\"><div class=\"kt-image-overlay-color\"><\/div><\/div><a href=\"https:\/\/www.wecon.de\/en\/jobs\/vacancies\/\" class=\"kt-imageoverlay-link\"><div class=\"kt-image-overlay-message kt-over-substyle-visible kt-over-valign-center kt-over-halign-center\"><div class=\"kt-image-overlay-inner\"><h3 class=\"image-overlay-title\">Jobs<\/h3><\/div><\/div><\/a><\/div><\/div><\/div><br>\n\n\n\n<p class=\"has-text-align-left wp-block-paragraph\">Job offers, Applications<\/p>\n<\/div><\/div>\n\n<\/div><\/div>","protected":false},"excerpt":{"rendered":"<p>New concepts for reliable and long-lasting commercial vehicles Fast as an arrow to the front. When conquering new markets, vision, flexibility and speed are what count. In the area of commercial vehicles and container technologies, the optimized handling of our &hellip; <a href=\"https:\/\/www.wecon.de\/en\/\">Read More<\/a><\/p>\n","protected":false},"author":1,"featured_media":0,"parent":0,"menu_order":0,"comment_status":"closed","ping_status":"closed","template":"template-feature.php","meta":{"kt_blocks_editor_width":"","_kad_blocks_custom_css":"","_kad_blocks_head_custom_js":"","_kad_blocks_body_custom_js":"","_kad_blocks_footer_custom_js":"","footnotes":""},"class_list":["post-2431","page","type-page","status-publish","hentry"],"taxonomy_info":[],"featured_image_src_large":false,"author_info":{"display_name":"mf","author_link":"https:\/\/www.wecon.de\/en\/author\/martin\/"},"comment_info":0,"_links":{"self":[{"href":"https:\/\/www.wecon.de\/en\/wp-json\/wp\/v2\/pages\/2431","targetHints":{"allow":["GET"]}}],"collection":[{"href":"https:\/\/www.wecon.de\/en\/wp-json\/wp\/v2\/pages"}],"about":[{"href":"https:\/\/www.wecon.de\/en\/wp-json\/wp\/v2\/types\/page"}],"author":[{"embeddable":true,"href":"https:\/\/www.wecon.de\/en\/wp-json\/wp\/v2\/users\/1"}],"replies":[{"embeddable":true,"href":"https:\/\/www.wecon.de\/en\/wp-json\/wp\/v2\/comments?post=2431"}],"version-history":[{"count":7,"href":"https:\/\/www.wecon.de\/en\/wp-json\/wp\/v2\/pages\/2431\/revisions"}],"predecessor-version":[{"id":7910,"href":"https:\/\/www.wecon.de\/en\/wp-json\/wp\/v2\/pages\/2431\/revisions\/7910"}],"wp:attachment":[{"href":"https:\/\/www.wecon.de\/en\/wp-json\/wp\/v2\/media?parent=2431"}],"curies":[{"name":"wp","href":"https:\/\/api.w.org\/{rel}","templated":true}]}}